{"id":2370,"date":"2022-08-28T10:02:10","date_gmt":"2022-08-28T09:02:10","guid":{"rendered":"https:\/\/facetours.ma\/?post_type=product&#038;p=2370"},"modified":"2026-08-15T19:11:21","modified_gmt":"2026-08-15T18:11:21","slug":"circuit-nord-depart-fes","status":"publish","type":"product","link":"https:\/\/facetours.ma\/fr\/meilleures-circuits-au-maroc\/circuit-nord-depart-fes\/","title":{"rendered":"Circuit du Nord au d\u00e9part de F\u00e8s"},"content":{"rendered":"<div class=\"wpb-content-wrapper\"><p>[vc_row][vc_column][vc_column_text css=&#8221;&#8221;]<\/p>\n<h3 style=\"text-align: left;\" data-start=\"189\" data-end=\"550\">Circuit du Nord du Maroc au d\u00e9part de F\u00e8s<\/h3>\n<p data-start=\"189\" data-end=\"550\">Partez \u00e0 la d\u00e9couverte du <strong data-start=\"215\" data-end=\"232\">nord du Maroc<\/strong> avec notre <a href=\"https:\/\/facetours.ma\/fr\/meilleures-circuits-au-maroc\/circuit-nord-depart-fes\/\"><strong data-start=\"244\" data-end=\"272\">circuit au d\u00e9part de F\u00e8s<\/strong><\/a>, con\u00e7u pour les voyageurs d\u00e9sireux d\u2019explorer les richesses culturelles, historiques et naturelles de la r\u00e9gion. Ce voyage vous permettra de d\u00e9couvrir les <strong data-start=\"428\" data-end=\"538\">villes historiques, les villages berb\u00e8res, les montagnes verdoyantes et les paysages c\u00f4tiers exceptionnels<\/strong> du Maroc.<\/p>\n<p data-start=\"552\" data-end=\"1031\">Le circuit commence par <a href=\"https:\/\/facetours.ma\/fr\/circuits-depart-fes\/\"><strong data-start=\"576\" data-end=\"591\">Chefchaouen<\/strong><\/a>, la c\u00e9l\u00e8bre \u201cville bleue\u201d nich\u00e9e dans les montagnes du Rif. Vous fl\u00e2nerez dans ses ruelles pittoresques et ses places anim\u00e9es, admirerez les maisons peintes en bleu et d\u00e9couvrirez l\u2019artisanat local unique, comme les tissages et poteries traditionnels. Ensuite, vous visiterez <strong data-start=\"868\" data-end=\"879\">T\u00e9touan<\/strong>, ville au patrimoine hispano-mauresque, class\u00e9e au <strong data-start=\"931\" data-end=\"965\">patrimoine mondial de l\u2019UNESCO<\/strong>, avec ses mus\u00e9es, m\u00e9dina historique et monuments embl\u00e9matiques.<\/p>\n<p data-start=\"1033\" data-end=\"1411\">La d\u00e9couverte se poursuit vers <strong data-start=\"1064\" data-end=\"1075\">Larache<\/strong>, charmante ville c\u00f4ti\u00e8re au patrimoine colonial, et <a href=\"https:\/\/facetours.ma\/fr\/\"><strong data-start=\"1128\" data-end=\"1138\">Asilah<\/strong><\/a>, c\u00e9l\u00e8bre pour ses remparts, ses fresques murales et sa sc\u00e8ne artistique dynamique. Tout au long du circuit, vous traverserez des <strong data-start=\"1268\" data-end=\"1334\">plaines fertiles, for\u00eats verdoyantes et villages traditionnels<\/strong>, offrant des panoramas exceptionnels et de nombreuses occasions de photos.<\/p>\n<p data-start=\"1413\" data-end=\"1945\">Avec <strong data-start=\"1418\" data-end=\"1452\">des guides locaux exp\u00e9riment\u00e9s<\/strong>, un transport confortable et des itin\u00e9raires flexibles, ce circuit allie <strong data-start=\"1526\" data-end=\"1575\">authenticit\u00e9, confort et immersion culturelle<\/strong>. Chaque \u00e9tape est soigneusement planifi\u00e9e pour vous offrir un <strong data-start=\"1638\" data-end=\"1674\">voyage m\u00e9morable et enrichissant<\/strong>, parfait pour les amateurs de culture, d\u2019histoire et de nature. Le <strong data-start=\"1742\" data-end=\"1778\">Circuit du Nord au d\u00e9part de F\u00e8s<\/strong> est id\u00e9al pour ceux qui souhaitent d\u00e9couvrir un Maroc moins fr\u00e9quent\u00e9 mais tout aussi fascinant, alliant <strong data-start=\"1884\" data-end=\"1942\">tradition, gastronomie et paysages \u00e0 couper le souffle<\/strong>.<\/p>\n<h2>Points forts du circuit<\/h2>\n<ul data-spread=\"false\">\n<li>D\u00e9part de F\u00e8s, l\u2019une des plus anciennes villes imp\u00e9riales du Maroc.<\/li>\n<li>D\u00e9couverte de la magnifique ville bleue de <strong>Chefchaouen<\/strong>.<\/li>\n<li>Promenade dans les ruelles bleues de sa m\u00e9dina.<\/li>\n<li>D\u00e9couverte des montagnes du Rif et de leurs paysages spectaculaires.<\/li>\n<li>Visite de <strong>T\u00e9touan<\/strong>, class\u00e9e au patrimoine mondial de l\u2019UNESCO.<\/li>\n<li>D\u00e9couverte de la m\u00e9dina et du patrimoine andalou de T\u00e9touan.<\/li>\n<li>Exploration de <strong>Tanger<\/strong>, ville situ\u00e9e entre l\u2019Afrique et l\u2019Europe.<\/li>\n<li>D\u00e9couverte du Cap Spartel et des paysages c\u00f4tiers.<\/li>\n<li>Visite des c\u00e9l\u00e8bres Grottes d\u2019Hercule.<\/li>\n<li>D\u00e9couverte d\u2019<strong>Asilah<\/strong>, charmante ville c\u00f4ti\u00e8re connue pour ses remparts et ses murs d\u00e9cor\u00e9s.<\/li>\n<li>Temps libre pour d\u00e9couvrir les souks, caf\u00e9s et march\u00e9s traditionnels.<\/li>\n<li>D\u00e9couverte de la culture et de l\u2019hospitalit\u00e9 du nord du Maroc.<\/li>\n<li>Circuit priv\u00e9 avec chauffeur professionnel selon votre formule.<\/li>\n<\/ul>\n<table class=\"table table-bordered tours-tabs__table\" style=\"height: 233px;\" width=\"862\">\n<tbody>\n<tr>\n<td><strong>Inclus<\/strong><\/td>\n<td><i class=\"fa fa-check icon-tick icon-tick--on\"><\/i> Transport avec chauffeur professionnel.<br \/>\n<i class=\"fa fa-check icon-tick icon-tick--on\"><\/i> Climatisation et carburant.<br \/>\n<i class=\"fa fa-check icon-tick icon-tick--on\"><\/i> Taxe touristique et frais de stationnement.<br \/>\n<i class=\"fa fa-check icon-tick icon-tick--on\"><\/i> H\u00e9bergement en h\u00f4tel ou Riad en formule petit-d\u00e9jeuner.<br \/>\n<i class=\"fa fa-check icon-tick icon-tick--on\"><\/i> Guide local et frais d&#8217;entr\u00e9e aux monuments.<br \/>\n<i class=\"fa fa-check icon-tick icon-tick--on\"><\/i> Transfert aller-retour depuis votre lieu de prise en charge.<\/td>\n<\/tr>\n<tr>\n<td><strong>Non inclus<\/strong><\/td>\n<td><i class=\"fa fa-times icon-tick icon-tick--off\"><\/i> Boissons.<br \/>\n<i class=\"fa fa-times icon-tick icon-tick--off\"><\/i> Pourboires.<br \/>\n<i class=\"fa fa-times icon-tick icon-tick--off\"><\/i> D\u00e9jeuners et d\u00eeners.<\/td>\n<\/tr>\n<\/tbody>\n<\/table>\n<p>[\/vc_column_text][\/vc_column][\/vc_row][vc_row][vc_column][vc_column_text css=&#8221;&#8221;]<\/p>\n<h2>Que faut-il apporter ?<\/h2>\n<ul data-spread=\"false\">\n<li>Des chaussures confortables pour les visites et promenades.<\/li>\n<li>Des v\u00eatements adapt\u00e9s \u00e0 la saison.<\/li>\n<li>Une veste l\u00e9g\u00e8re pour les soir\u00e9es et les r\u00e9gions montagneuses.<\/li>\n<li>Un chapeau ou une casquette.<\/li>\n<li>Des lunettes de soleil et de la cr\u00e8me solaire.<\/li>\n<li>Une bouteille d\u2019eau r\u00e9utilisable.<\/li>\n<li>Un petit sac \u00e0 dos.<\/li>\n<li>Un appareil photo ou un t\u00e9l\u00e9phone.<\/li>\n<li>Une veste imperm\u00e9able selon la saison.<\/li>\n<li>Vos produits personnels et m\u00e9dicaments habituels.<\/li>\n<\/ul>\n<h2>Ce qu\u2019il faut savoir avant votre d\u00e9part<\/h2>\n<ul data-spread=\"false\">\n<li>Le circuit comprend plusieurs heures de route entre certaines villes.<\/li>\n<li>Les routes traversant les montagnes du Rif peuvent \u00eatre sinueuses.<\/li>\n<li>Les temp\u00e9ratures peuvent varier entre les zones montagneuses et les villes c\u00f4ti\u00e8res.<\/li>\n<li>Les m\u00e9dinas sont g\u00e9n\u00e9ralement mieux explor\u00e9es \u00e0 pied.<\/li>\n<li>Des chaussures confortables sont donc recommand\u00e9es.<\/li>\n<li>L\u2019itin\u00e9raire peut \u00eatre adapt\u00e9 selon vos centres d\u2019int\u00e9r\u00eat et votre rythme.<\/li>\n<li>Un guide local peut \u00eatre ajout\u00e9 dans certaines villes pour approfondir les visites.<\/li>\n<\/ul>\n<h2>Pourquoi r\u00e9server ce circuit ?<\/h2>\n<p class=\"isSelectedEnd\">Le <strong>Circuit du Nord au d\u00e9part de F\u00e8s<\/strong> est parfait pour d\u00e9couvrir une r\u00e9gion du Maroc souvent moins connue mais particuli\u00e8rement riche en paysages et en patrimoine.<\/p>\n<p class=\"isSelectedEnd\">Vous d\u00e9couvrirez l\u2019atmosph\u00e8re unique de <strong>Chefchaouen<\/strong>, les traditions andalouses de T\u00e9touan, l\u2019histoire cosmopolite de Tanger et le charme c\u00f4tier d\u2019Asilah. Le voyage combine montagnes, m\u00e9dinas, patrimoine, plages et paysages m\u00e9diterran\u00e9ens.<\/p>\n<p class=\"isSelectedEnd\">C\u2019est \u00e9galement une excellente option pour les voyageurs qui souhaitent combiner <strong>F\u00e8s et le nord du Maroc<\/strong> dans un seul itin\u00e9raire, avec un transport confortable et un programme pouvant \u00eatre personnalis\u00e9.<\/p>\n<h2>FAQ \u2013 Questions fr\u00e9quentes<\/h2>\n<h3>1. Quelles villes peut-on visiter pendant ce circuit ?<\/h3>\n<p class=\"isSelectedEnd\">Selon la dur\u00e9e choisie, le circuit peut inclure <strong>Chefchaouen, T\u00e9touan, Tanger et Asilah<\/strong>, ainsi que d\u2019autres sites du nord du Maroc.<\/p>\n<h3>2. Le circuit commence-t-il \u00e0 F\u00e8s ?<\/h3>\n<p class=\"isSelectedEnd\">Oui, le circuit est con\u00e7u pour commencer \u00e0 F\u00e8s.<\/p>\n<h3>3. Peut-on terminer le circuit \u00e0 Tanger ?<\/h3>\n<p class=\"isSelectedEnd\">Oui. Il est possible de terminer le circuit \u00e0 Tanger selon votre programme de voyage.<\/p>\n<h3>4. Le circuit est-il priv\u00e9 ?<\/h3>\n<p class=\"isSelectedEnd\">Oui, nous pouvons organiser un circuit priv\u00e9 avec un v\u00e9hicule confortable et un chauffeur professionnel.<\/p>\n<h3>5. Peut-on visiter Chefchaouen en une journ\u00e9e ?<\/h3>\n<p class=\"isSelectedEnd\">Oui, mais pour profiter pleinement de la ville et de ses environs, une nuit sur place peut \u00eatre recommand\u00e9e selon votre itin\u00e9raire.<\/p>\n<h3>6. Peut-on ajouter Tanger et Chefchaouen au m\u00eame circuit ?<\/h3>\n<p class=\"isSelectedEnd\">Oui. Ces deux destinations peuvent facilement \u00eatre combin\u00e9es dans un circuit du Nord au d\u00e9part de F\u00e8s.<\/p>\n<h3>7. Le circuit convient-il aux familles ?<\/h3>\n<p class=\"isSelectedEnd\">Oui, le circuit peut \u00eatre adapt\u00e9 aux familles, avec des \u00e9tapes et des horaires ajust\u00e9s selon l\u2019\u00e2ge des voyageurs.<\/p>\n<h3>8. Peut-on personnaliser l\u2019itin\u00e9raire ?<\/h3>\n<p class=\"isSelectedEnd\">Oui. Pour un circuit priv\u00e9, vous pouvez choisir les villes, les visites, les nuits suppl\u00e9mentaires et le rythme du voyage.<\/p>\n<h3>9. Quelle est la meilleure p\u00e9riode pour visiter le Nord du Maroc ?<\/h3>\n<p class=\"isSelectedEnd\">Le printemps et l\u2019automne sont particuli\u00e8rement agr\u00e9ables. Le nord b\u00e9n\u00e9ficie g\u00e9n\u00e9ralement d\u2019un climat plus doux que certaines r\u00e9gions du sud, mais les conditions varient selon les villes et la saison.<\/p>\n<h2>R\u00e9servez votre Circuit du Nord au d\u00e9part de F\u00e8s<\/h2>\n<p class=\"isSelectedEnd\">Explorez <strong>Chefchaouen, T\u00e9touan, Tanger et Asilah<\/strong> et d\u00e9couvrez les montagnes du Rif, les m\u00e9dinas historiques et les magnifiques paysages c\u00f4tiers du Nord marocain.<\/p>\n<p><strong>R\u00e9servez votre Circuit du Nord au d\u00e9part de F\u00e8s et d\u00e9couvrez une autre facette du Maroc, entre culture, histoire, montagnes et M\u00e9diterran\u00e9e.<\/strong>[\/vc_column_text][\/vc_column][\/vc_row]<\/p>\n<\/div>","protected":false},"excerpt":{"rendered":"<p>Le circuit du Nord au d\u00e9part de F\u00e8s, d&#8217;une dur\u00e9e de 7 jours et 6 nuits, permet de d\u00e9couvrir les villes moyennes et imp\u00e9riales, F\u00e8s et Mekn\u00e8s, les villes du Nord, Chefchaouen, T\u00e9touan et Tanger, ainsi que les villes de la c\u00f4te Est, Rabat et Casablanca. Nous terminerons notre itin\u00e9raire \u00e0 F\u00e8s.<\/p>\n","protected":false},"featured_media":1598,"template":"","meta":[],"product_brand":[],"product_cat":[109],"product_tag":[952,957,950,955,958,953,956,954,951,959],"class_list":{"0":"post-2370","1":"product","2":"type-product","3":"status-publish","4":"has-post-thumbnail","6":"product_cat-circuits-au-depart-fes","7":"product_tag-aeroport-fes-saiss","8":"product_tag-depart-circuit-fes","9":"product_tag-depart-de-fes","10":"product_tag-depose-a-laeroport-de-fes","11":"product_tag-fin-de-sejour-a-fes","12":"product_tag-fin-du-circuit-au-maroc","13":"product_tag-service-de-transfert-fes","14":"product_tag-transfert-prive-fes","15":"product_tag-transfert-vers-laeroport-de-fes","16":"product_tag-voyage-maroc-au-depart-de-fes","17":"tour_category-circuits-a-partir-de-fes","19":"first","20":"instock","21":"virtual","22":"purchasable","23":"product-type-tour"},"_links":{"self":[{"href":"https:\/\/facetours.ma\/fr\/wp-json\/wp\/v2\/product\/2370","targetHints":{"allow":["GET"]}}],"collection":[{"href":"https:\/\/facetours.ma\/fr\/wp-json\/wp\/v2\/product"}],"about":[{"href":"https:\/\/facetours.ma\/fr\/wp-json\/wp\/v2\/types\/product"}],"wp:featuredmedia":[{"embeddable":true,"href":"https:\/\/facetours.ma\/fr\/wp-json\/wp\/v2\/media\/1598"}],"wp:attachment":[{"href":"https:\/\/facetours.ma\/fr\/wp-json\/wp\/v2\/media?parent=2370"}],"wp:term":[{"taxonomy":"product_brand","embeddable":true,"href":"https:\/\/facetours.ma\/fr\/wp-json\/wp\/v2\/product_brand?post=2370"},{"taxonomy":"product_cat","embeddable":true,"href":"https:\/\/facetours.ma\/fr\/wp-json\/wp\/v2\/product_cat?post=2370"},{"taxonomy":"product_tag","embeddable":true,"href":"https:\/\/facetours.ma\/fr\/wp-json\/wp\/v2\/product_tag?post=2370"}],"curies":[{"name":"wp","href":"https:\/\/api.w.org\/{rel}","templated":true}]}}